{"id":374,"date":"2025-06-17T13:15:18","date_gmt":"2025-06-17T11:15:18","guid":{"rendered":"https:\/\/moldesdeinyecciondeplastico.com\/politique-de-confidentialite\/"},"modified":"2025-07-01T13:13:22","modified_gmt":"2025-07-01T11:13:22","slug":"politique-de-confidentialite","status":"publish","type":"page","link":"https:\/\/moldesdeinyecciondeplastico.com\/fr\/politique-de-confidentialite\/","title":{"rendered":"Politique de confidentialit\u00e9"},"content":{"rendered":"\n<div class=\"wp-block-cover is-light has-parallax\" style=\"min-height:50vh;aspect-ratio:unset;\"><div class=\"wp-block-cover__image-background wp-image-131 size-large has-parallax\" style=\"background-position:50% 50%;background-image:url(https:\/\/moldesdeinyecciondeplastico.com\/wp-content\/uploads\/empresa-1024x431.jpg)\"><\/div><span aria-hidden=\"true\" class=\"wp-block-cover__background has-background-dim-0 has-background-dim\" style=\"background-color:#99acc5\"><\/span><div class=\"wp-block-cover__inner-container is-layout-constrained wp-block-cover-is-layout-constrained\">\n<p class=\"has-text-align-center has-large-font-size\"><\/p>\n<\/div><\/div>\n\n<div class=\"wp-block-group info\"><div class=\"wp-block-group__inner-container is-layout-constrained wp-block-group-is-layout-constrained\">\n<h1 class=\"wp-block-heading\">Politique de confidentialit\u00e9<\/h1>\n\n\n\n<h2 class=\"wp-block-heading\">POLITIQUE DE CONFIDENTIALIT\u00c9<\/h2>\n\n\n\n<p>La pr\u00e9sente politique de protection des donn\u00e9es r\u00e9git le traitement des donn\u00e9es que Rumvicc 2009, S.L. peut recueillir sur son site Web.<\/p>\n\n\n\n<p>Identit\u00e9 du responsable du traitement<\/p>\n\n\n\n<p>Le responsable du traitement des donn\u00e9es personnelles collect\u00e9es sur le site web de http:\/\/www.rumvicc.com est\u00a0:<br\/>RUMVICC 2009, S.L.<br\/>Cam\u00ed de la Riera 28 Bis P.I. Cova Solera, 08191 Rub\u00ed Barcelona<br\/>CIF\u00a0: B65112153<br\/>inscrit au registre du commerce de Barcelone, tome\u00a041264, folio\u00a0130, page\u00a0B379049 INSC.1\u00e8re<\/p>\n\n\n\n<h2 class=\"wp-block-heading\">Finalit\u00e9 du traitement des donn\u00e9es<\/h2>\n\n\n\n<p>Les donn\u00e9es que vous fournissez \u00e0 Rumvicc 2009, S.L. par diff\u00e9rents moyens, formulaires de contact, enqu\u00eates ou proc\u00e9dures utilis\u00e9es lors de la collecte sont effectu\u00e9es conform\u00e9ment \u00e0 la l\u00e9gislation en vigueur sur la protection des donn\u00e9es et dans le seul but de fournir le service que vous demandez.<br\/>Dans chacun de ces moyens, nous informons en d\u00e9tail de la finalit\u00e9 du traitement des donn\u00e9es qui sont effectu\u00e9es seulement et exclusivement si vous avez autoris\u00e9 ce traitement.<br\/>Seules les donn\u00e9es que vous avez fournies pour la finalit\u00e9 que vous avez \u00e9t\u00e9 inform\u00e9 et autoris\u00e9 seront trait\u00e9es. Vos donn\u00e9es ne seront pas trait\u00e9es par des tiers et ne seront pas transmises \u00e0 des tiers sans votre consentement explicite. La base juridique du traitement de vos donn\u00e9es est l&rsquo;ex\u00e9cution des comp\u00e9tences de Rumvicc 2009, S.L. et la r\u00e9alisation des services que vous nous avez demand\u00e9s.<\/p>\n\n\n\n<p>L&rsquo;utilisateur nous fournit ses donn\u00e9es volontairement \u00e0 tout moment et est inform\u00e9 de l&rsquo;utilisation et du traitement de ses donn\u00e9es. Toutes les informations fournies par l&rsquo;utilisateur doivent \u00eatre v\u00e9ridiques. L&rsquo;utilisateur est seul responsable des d\u00e9clarations fausses ou inexactes qu&rsquo;il fait et des dommages caus\u00e9s \u00e0 Rumvicc 2009, S.L. ou \u00e0 des tiers. Rumvicc 2009, S.L. se r\u00e9serve le droit d&rsquo;exclure des services tout utilisateur ayant fourni de fausses informations, sans pr\u00e9judice d&rsquo;autres actions applicables en droit.<\/p>\n\n\n\n<h2 class=\"wp-block-heading\">Vos droits lorsque vous fournissez vos donn\u00e9es<\/h2>\n\n\n\n<p>Vous pouvez \u00e0 tout moment demander et obtenir des informations sur la mani\u00e8re dont nous traitons vos donn\u00e9es et dans quel but :<\/p>\n\n\n\n<ul class=\"wp-block-list\">\n<li>Acc\u00e9dez \u00e0 vos donn\u00e9es : demandez quelles sont les donn\u00e9es que nous d\u00e9tenons sur vous et l&rsquo;usage que nous en faisons, et demandez-nous m\u00eame de vous les communiquer pour que vous les transmettiez \u00e0 une autre entreprise.<\/li>\n\n\n\n<li>Rectifier vos donn\u00e9es : demander la modification ou la rectification de donn\u00e9es inexactes.<\/li>\n\n\n\n<li>Effacer vos donn\u00e9es : demander que vos donn\u00e9es soient effac\u00e9es et ne soient pas trait\u00e9es, \u00e0 l&rsquo;exception de celles que nous sommes tenus de conserver en vertu de la loi.<\/li>\n\n\n\n<li>Limiter le traitement : demander que vos donn\u00e9es soient conserv\u00e9es pour des besoins l\u00e9gaux.<\/li>\n\n\n\n<li>Objection au traitement : que nous ne fassions pas un usage particulier de vos donn\u00e9es.<\/li>\n\n\n\n<li>Portabilit\u00e9 des donn\u00e9es : nous vous fournissons les donn\u00e9es dans un format compatible pour que vous puissiez les transmettre \u00e0 un tiers qui vous fournira un service.<\/li>\n<\/ul>\n\n\n\n<p>Pour ce faire, vous pouvez envoyer une lettre indiquant le droit que vous souhaitez exercer (Acc\u00e8s, Rectification, Suppression, Opposition ou Portabilit\u00e9 des donn\u00e9es) en joignant une copie de votre carte d&rsquo;identit\u00e9 en personne ou par courrier ordinaire \u00e0 Rumvicc 209, S.L., adresse fiscale de l&rsquo;entit\u00e9 indiquant \u00ab\u00a0Ref. Protection des donn\u00e9es\u00a0\u00bb ou par e-mail administracion@rumvicc.com.<\/p>\n\n\n\n<h2 class=\"wp-block-heading\">Informations compl\u00e9mentaires sur le traitement des donn\u00e9es personnelles.<\/h2>\n\n\n\n<p>Si vous souhaitez obtenir plus d&rsquo;informations sur le traitement des donn\u00e9es personnelles effectu\u00e9 par Rumvicc 2009, S.L., vous pouvez contacter le d\u00e9l\u00e9gu\u00e9 \u00e0 la protection des donn\u00e9es \u00e0 l&rsquo;adresse \u00e9lectronique administracion@rumvicc.com.<\/p>\n\n\n\n<h2 class=\"wp-block-heading\">D\u00e9poser une plainte<\/h2>\n\n\n\n<p>L&rsquo;Agence espagnole de protection des donn\u00e9es (www.aepd.es) est l&rsquo;organe de contr\u00f4le qui veille au respect de la l\u00e9gislation sur la protection des donn\u00e9es dans l&rsquo;administration publique espagnole. Si vous consid\u00e9rez que Rumvicc 2009, S.L. n&rsquo;a pas respect\u00e9 l&rsquo;un des pr\u00e9ceptes \u00e9tablis dans ce r\u00e8glement, vous pouvez d\u00e9poser une plainte \u00e0 l&rsquo;adresse suivante<\/p>\n<\/div><\/div>\n\n<p><\/p>\n","protected":false},"excerpt":{"rendered":"<p>Politique de confidentialit\u00e9 POLITIQUE DE CONFIDENTIALIT\u00c9 La pr\u00e9sente politique de protection des donn\u00e9es r\u00e9git le traitement des donn\u00e9es que Rumvicc 2009, S.L. peut recueillir sur son site Web. Identit\u00e9 du responsable du traitement Le responsable du traitement des donn\u00e9es personnelles collect\u00e9es sur le site web de http:\/\/www.rumvicc.com est\u00a0:RUMVICC 2009, S.L.Cam\u00ed de la Riera 28 Bis [&hellip;]<\/p>\n","protected":false},"author":1,"featured_media":0,"parent":0,"menu_order":0,"comment_status":"closed","ping_status":"closed","template":"","meta":{"inline_featured_image":false,"footnotes":""},"class_list":["post-374","page","type-page","status-publish","hentry"],"_links":{"self":[{"href":"https:\/\/moldesdeinyecciondeplastico.com\/fr\/wp-json\/wp\/v2\/pages\/374","targetHints":{"allow":["GET"]}}],"collection":[{"href":"https:\/\/moldesdeinyecciondeplastico.com\/fr\/wp-json\/wp\/v2\/pages"}],"about":[{"href":"https:\/\/moldesdeinyecciondeplastico.com\/fr\/wp-json\/wp\/v2\/types\/page"}],"author":[{"embeddable":true,"href":"https:\/\/moldesdeinyecciondeplastico.com\/fr\/wp-json\/wp\/v2\/users\/1"}],"replies":[{"embeddable":true,"href":"https:\/\/moldesdeinyecciondeplastico.com\/fr\/wp-json\/wp\/v2\/comments?post=374"}],"version-history":[{"count":2,"href":"https:\/\/moldesdeinyecciondeplastico.com\/fr\/wp-json\/wp\/v2\/pages\/374\/revisions"}],"predecessor-version":[{"id":428,"href":"https:\/\/moldesdeinyecciondeplastico.com\/fr\/wp-json\/wp\/v2\/pages\/374\/revisions\/428"}],"wp:attachment":[{"href":"https:\/\/moldesdeinyecciondeplastico.com\/fr\/wp-json\/wp\/v2\/media?parent=374"}],"curies":[{"name":"wp","href":"https:\/\/api.w.org\/{rel}","templated":true}]}}